{"id":800,"date":"2023-07-09T18:55:18","date_gmt":"2023-07-09T16:55:18","guid":{"rendered":"https:\/\/www.pfmiel.fr\/miel\/?page_id=800"},"modified":"2023-07-20T12:56:03","modified_gmt":"2023-07-20T10:56:03","slug":"conditions-generales-de-ventes-reines-cellules-royales-reines","status":"publish","type":"page","link":"https:\/\/www.pfmiel.fr\/miel\/conditions-generales-de-ventes-reines-cellules-royales-reines\/","title":{"rendered":"Conditions G\u00e9n\u00e9rales de Ventes (essaims, reines et cellules royales"},"content":{"rendered":"\n<p><em> (Date de derni\u00e8re mise \u00e0 jour : 20\/07\/2023)<\/em><\/p>\n\n\n\n<p>Les pr\u00e9sentes conditions g\u00e9n\u00e9rales de vente (CGV) r\u00e9gissent la vente d&rsquo;essaims, de reines et de cellules royales par Pierre-Fran\u00e7ois Prot (ci-apr\u00e8s d\u00e9nomm\u00e9 \u00ab\u00a0le Vendeur\u00a0\u00bb) \u00e0 ses clients (ci-apr\u00e8s d\u00e9nomm\u00e9s \u00ab\u00a0l&rsquo;Acheteur\u00a0\u00bb). En passant commande aupr\u00e8s du Vendeur, l&rsquo;Acheteur accepte les pr\u00e9sentes CGV dans leur int\u00e9gralit\u00e9. Toute condition contraire pos\u00e9e par l&rsquo;Acheteur ne sera pas opposable au Vendeur, sauf acceptation expresse et \u00e9crite de ce dernier.<\/p>\n\n\n\n<h2 class=\"wp-block-heading\">Article 1 : produits<\/h2>\n\n\n\n<p>1.1  Les essaims, reines et cellules royales vendues par le Vendeur sont sp\u00e9cifi\u00e9es dans le bon de commande ou dans toute autre documentation commerciale fournie par le Vendeur \u00e0 l&rsquo;Acheteur. Ils sont vendus tels quels, sous r\u00e9serve des d\u00e9fauts cach\u00e9s non apparents au moment de la vente.<br>1.2 Les souches utilis\u00e9es pour l&rsquo;\u00e9levage sont des abeilles de type Buckfast. La descendance a \u00e9t\u00e9 assur\u00e9e par croisements et m\u00e9tissages naturels, le vendeur ne peut donc garantir la puret\u00e9 de la f\u00e9condation.<br>1.3 Disponibilit\u00e9 : Les essaims, reines et cellules sont propos\u00e9es dans la limite des stocks disponibles. En cas d&rsquo;indisponibilit\u00e9, le Vendeur s&rsquo;engage \u00e0 en informer l&rsquo;Acheteur dans les meilleurs d\u00e9lais et \u00e0 proposer une solution appropri\u00e9e (remplacement par un essaim similaire, remboursement, etc.).<\/p>\n\n\n\n<h2 class=\"wp-block-heading\">Article 2 : Prix et R\u00e8glement<\/h2>\n\n\n\n<p>2.1 Prix : Les prix des essaims sont indiqu\u00e9s en euros. Le Vendeur se r\u00e9serve le droit de modifier ses prix \u00e0 tout moment, mais s&rsquo;engage \u00e0 appliquer les tarifs en vigueur au moment de la commande.<br>2.2 Paiement : Le paiement s&rsquo;effectue en 2 fois. Un acompte de 50% est demand\u00e9 lors de la commande, le solde le jour du retrait. Toute commande re\u00e7ue ne sera consid\u00e9r\u00e9e d\u00e9finitive qu\u2019apr\u00e8s acceptation de la commande et r\u00e9ception de l&rsquo;acompte.<br>L&rsquo;acompte correspond \u00e0 un engagement de commande ferme, celui-ci est perdu d\u00e9finitivement pour le Client qui se r\u00e9tracte en dehors du d\u00e9lai l\u00e9gal.<\/p>\n\n\n\n<h2 class=\"wp-block-heading\">Article 3 : Enl\u00e8vement<\/h2>\n\n\n\n<p>3.1 Les produits d&rsquo;\u00e9levage (cellules royales, reines, essaims) sont mis \u00e0 disposition uniquement en retrait sur exploitation.<br>3.2 Les dates de mises \u00e0 disposition sont des dates pr\u00e9visionnelles susceptibles d&rsquo;\u00e9voluer notamment en fonction des conditions climatiques, de f\u00e9condation et de d\u00e9veloppement des colonies.<br>3.3 Une fois la commande pr\u00eate, le vendeur propose plusieurs dates de retrait au client.<br>Le Client peut demander \u00e0 reporter le retrait de sa commande d&rsquo;essaim et de reine f\u00e9cond\u00e9e jusqu\u2019\u00e0 quinze jours (15j) apr\u00e8s la date initialement convenue. Au-del\u00e0 de ces quinze jours (15j) suppl\u00e9mentaires le client sera consid\u00e9r\u00e9 comme se r\u00e9tractant de la commande et son acompte sera perdu d\u00e9finitivement.<br>3.5 Lors du retrait de la commande, le transvasement des essaims est r\u00e9alis\u00e9 par l&rsquo;acheteur. L&rsquo;acheteur est tenu de v\u00e9rifier leur conformit\u00e9 et de signaler toute anomalie ou d\u00e9faut au vendeur<br>3.3 Le transfert de responsabilit\u00e9 s&rsquo;effectue d\u00e8s de le transvasement des essaims.<\/p>\n\n\n\n<h2 class=\"wp-block-heading\">Article 4 : Limitations de responsabilit\u00e9<\/h2>\n\n\n\n<p>4.1 Transport : les Essaims, reines et cellules mise \u00e0 disposition du Client, voyagent aux  risques et p\u00e9rils du client. Le transport des essaims, reines et cellules doit se faire dans un v\u00e9hicule suffisamment a\u00e9r\u00e9, ventil\u00e9 et \u00e0 une temp\u00e9rature appropri\u00e9e. Le Client atteste \u00eatre en capacit\u00e9 d&rsquo;assurer les meilleurs soins aux abeilles. Le Client est le seul responsable du chargement de sa commande.<br>4.2 Le Vendeur ne saurait \u00eatre tenu responsable des dommages directs ou indirects r\u00e9sultant de l&rsquo;utilisation ou de l&rsquo;impossibilit\u00e9 d&rsquo;utiliser les essaims vendus. En aucun cas, la responsabilit\u00e9 du Vendeur ne pourra exc\u00e9der le montant pay\u00e9 par l&rsquo;Acheteur.<br>Le client est seul responsable de l&rsquo;utilisation des essaims, des reines et des cellules royales fournies et il doit s&rsquo;assurer de respecter toutes les r\u00e9glementations en vigueur relatives \u00e0 l&rsquo;\u00e9levage d&rsquo;abeilles.<\/p>\n\n\n\n<h2 class=\"wp-block-heading\">Article 5 : R\u00e9clamations et garantie<\/h2>\n\n\n\n<p>L&rsquo;acheteur doit inspecter l&rsquo;essaim d\u00e8s le transvasement et notifier au vendeur toute r\u00e9clamation concernant des d\u00e9fauts ou des probl\u00e8mes de conformit\u00e9 dans un d\u00e9lai raisonnable. Le vendeur se r\u00e9serve le droit de proc\u00e9der \u00e0 une \u00e9valuation des r\u00e9clamations et, le cas \u00e9ch\u00e9ant, de remplacer l&rsquo;essaim d\u00e9fectueux. Aucune garantie n&rsquo;est accord\u00e9e quant \u00e0 la productivit\u00e9 de l&rsquo;essaim. <br>Pour les reines f\u00e9cond\u00e9es et les cellules royales, le vendeur ne saurait \u00eatre tenu responsable en cas de non acceptation de la reine ou de la cellule dans la nouvelle colonie.<\/p>\n\n\n\n<h2 class=\"wp-block-heading\">Article 6 : Force majeure<\/h2>\n\n\n\n<p>Le Vendeur ne pourra \u00eatre tenu responsable de tout retard ou inex\u00e9cution de ses obligations en cas de force majeure telle que d\u00e9finie par la loi.<\/p>\n\n\n\n<h2 class=\"wp-block-heading\">Article 7 : Droit de r\u00e9tractation<\/h2>\n\n\n\n<p>Conform\u00e9ment \u00e0 la l\u00e9gislation en vigueur, l&rsquo;Acheteur dispose d&rsquo;un d\u00e9lai de r\u00e9tractation de 14 jours \u00e0 compter de la date de la commande pour exercer son droit de r\u00e9tractation, sans avoir \u00e0 justifier de motifs ni \u00e0 payer de p\u00e9nalit\u00e9s. Les frais de retour des essaims sont \u00e0 la charge de l&rsquo;Acheteur.<\/p>\n\n\n\n<h2 class=\"wp-block-heading\">Article 8 : Confidentialit\u00e9<\/h2>\n\n\n\n<p>Les informations \u00e9chang\u00e9es entre le Vendeur et l&rsquo;Acheteur dans le cadre de la commande d&rsquo;essaims sont consid\u00e9r\u00e9es comme confidentielles et ne seront pas divulgu\u00e9es \u00e0 des tiers, sauf autorisation expresse des parties ou obligation l\u00e9gale.<\/p>\n\n\n\n<h2 class=\"wp-block-heading\">Article 9 : Litiges et Droit applicable<\/h2>\n\n\n\n<p>En cas de litige d\u00e9coulant des pr\u00e9sentes CGV, les parties s&rsquo;efforceront de le r\u00e9soudre \u00e0 l&rsquo;amiable. \u00c0 d\u00e9faut, tout litige rel\u00e8vera de la comp\u00e9tence exclusive des tribunaux comp\u00e9tents du lieu du si\u00e8ge social du Vendeur. Les pr\u00e9sentes CGV sont r\u00e9gies par le droit du pays o\u00f9 est \u00e9tabli le Vendeur.<\/p>\n","protected":false},"excerpt":{"rendered":"<p>(Date de derni\u00e8re mise \u00e0 jour : 20\/07\/2023) Les pr\u00e9sentes conditions g\u00e9n\u00e9rales de vente (CGV) r\u00e9gissent la vente d&rsquo;essaims, de reines et de cellules royales par Pierre-Fran\u00e7ois Prot (ci-apr\u00e8s d\u00e9nomm\u00e9 \u00ab\u00a0le Vendeur\u00a0\u00bb) \u00e0 ses clients (ci-apr\u00e8s d\u00e9nomm\u00e9s \u00ab\u00a0l&rsquo;Acheteur\u00a0\u00bb). En passant commande aupr\u00e8s du Vendeur, l&rsquo;Acheteur accepte les pr\u00e9sentes CGV dans leur int\u00e9gralit\u00e9. Toute condition contraire &hellip; <\/p>\n<p class=\"link-more\"><a href=\"https:\/\/www.pfmiel.fr\/miel\/conditions-generales-de-ventes-reines-cellules-royales-reines\/\" class=\"more-link\">Continuer la lecture<span class=\"screen-reader-text\"> de &laquo;&nbsp;Conditions G\u00e9n\u00e9rales de Ventes (essaims, reines et cellules royales&nbsp;&raquo;<\/span><\/a><\/p>\n","protected":false},"author":2,"featured_media":0,"parent":0,"menu_order":0,"comment_status":"closed","ping_status":"closed","template":"","meta":{"footnotes":""},"class_list":["post-800","page","type-page","status-publish","hentry"],"yoast_head":"<!-- This site is optimized with the Yoast SEO plugin v27.5 - https:\/\/yoast.com\/product\/yoast-seo-wordpress\/ -->\n<title>Conditions G\u00e9n\u00e9rales de Ventes Essaims Reines Cellules Royales<\/title>\n<meta name=\"description\" content=\"Conditions G\u00e9n\u00e9rales de Ventes pour les essaims, les reines et les cellules royales\" \/>\n<meta name=\"robots\" content=\"noindex, nofollow\" \/>\n<meta property=\"og:locale\" content=\"fr_FR\" \/>\n<meta property=\"og:type\" content=\"article\" \/>\n<meta property=\"og:title\" content=\"Conditions G\u00e9n\u00e9rales de Ventes Essaims Reines Cellules Royales\" \/>\n<meta property=\"og:description\" content=\"Conditions G\u00e9n\u00e9rales de Ventes pour les essaims, les reines et les cellules royales\" \/>\n<meta property=\"og:url\" content=\"https:\/\/www.pfmiel.fr\/miel\/conditions-generales-de-ventes-reines-cellules-royales-reines\/\" \/>\n<meta property=\"og:site_name\" content=\"Pierre-Fran\u00e7ois Prot - Apiculteur - V\u00e9retz\" \/>\n<meta property=\"article:modified_time\" content=\"2023-07-20T10:56:03+00:00\" \/>\n<meta name=\"twitter:card\" content=\"summary_large_image\" \/>\n<meta name=\"twitter:label1\" content=\"Dur\u00e9e de lecture estim\u00e9e\" \/>\n\t<meta name=\"twitter:data1\" content=\"5 minutes\" \/>\n<script type=\"application\/ld+json\" class=\"yoast-schema-graph\">{\"@context\":\"https:\\\/\\\/schema.org\",\"@graph\":[{\"@type\":[\"WebPage\",\"FAQPage\"],\"@id\":\"https:\\\/\\\/www.pfmiel.fr\\\/miel\\\/conditions-generales-de-ventes-reines-cellules-royales-reines\\\/\",\"url\":\"https:\\\/\\\/www.pfmiel.fr\\\/miel\\\/conditions-generales-de-ventes-reines-cellules-royales-reines\\\/\",\"name\":\"Conditions G\u00e9n\u00e9rales de Ventes Essaims Reines Cellules Royales\",\"isPartOf\":{\"@id\":\"https:\\\/\\\/www.pfmiel.fr\\\/miel\\\/#website\"},\"datePublished\":\"2023-07-09T16:55:18+00:00\",\"dateModified\":\"2023-07-20T10:56:03+00:00\",\"description\":\"Conditions G\u00e9n\u00e9rales de Ventes pour les essaims, les reines et les cellules royales\",\"breadcrumb\":{\"@id\":\"https:\\\/\\\/www.pfmiel.fr\\\/miel\\\/conditions-generales-de-ventes-reines-cellules-royales-reines\\\/#breadcrumb\"},\"inLanguage\":\"fr-FR\",\"potentialAction\":[{\"@type\":\"ReadAction\",\"target\":[\"https:\\\/\\\/www.pfmiel.fr\\\/miel\\\/conditions-generales-de-ventes-reines-cellules-royales-reines\\\/\"]}]},{\"@type\":\"BreadcrumbList\",\"@id\":\"https:\\\/\\\/www.pfmiel.fr\\\/miel\\\/conditions-generales-de-ventes-reines-cellules-royales-reines\\\/#breadcrumb\",\"itemListElement\":[{\"@type\":\"ListItem\",\"position\":1,\"name\":\"Home\",\"item\":\"https:\\\/\\\/www.pfmiel.fr\\\/miel\\\/\"},{\"@type\":\"ListItem\",\"position\":2,\"name\":\"Conditions G\u00e9n\u00e9rales de Ventes (essaims, reines et cellules royales\"}]},{\"@type\":\"WebSite\",\"@id\":\"https:\\\/\\\/www.pfmiel.fr\\\/miel\\\/#website\",\"url\":\"https:\\\/\\\/www.pfmiel.fr\\\/miel\\\/\",\"name\":\"Pierre-Fran\u00e7ois Prot - Apiculteur - V\u00e9retz\",\"description\":\"Apiculteur et R\u00e9coltant en Indre et Loire\",\"publisher\":{\"@id\":\"https:\\\/\\\/www.pfmiel.fr\\\/miel\\\/#\\\/schema\\\/person\\\/e9395774cd584b94ab92efbd6c37acf5\"},\"potentialAction\":[{\"@type\":\"SearchAction\",\"target\":{\"@type\":\"EntryPoint\",\"urlTemplate\":\"https:\\\/\\\/www.pfmiel.fr\\\/miel\\\/?s={search_term_string}\"},\"query-input\":{\"@type\":\"PropertyValueSpecification\",\"valueRequired\":true,\"valueName\":\"search_term_string\"}}],\"inLanguage\":\"fr-FR\"},{\"@type\":[\"Person\",\"Organization\"],\"@id\":\"https:\\\/\\\/www.pfmiel.fr\\\/miel\\\/#\\\/schema\\\/person\\\/e9395774cd584b94ab92efbd6c37acf5\",\"name\":\"Pierre-Fran\u00e7ois\",\"image\":{\"@type\":\"ImageObject\",\"inLanguage\":\"fr-FR\",\"@id\":\"https:\\\/\\\/i0.wp.com\\\/www.pfmiel.fr\\\/miel\\\/wp-content\\\/uploads\\\/2021\\\/10\\\/cropped-Capture-decran-du-2021-10-28-15-45-12.png?fit=220%2C250&ssl=1\",\"url\":\"https:\\\/\\\/i0.wp.com\\\/www.pfmiel.fr\\\/miel\\\/wp-content\\\/uploads\\\/2021\\\/10\\\/cropped-Capture-decran-du-2021-10-28-15-45-12.png?fit=220%2C250&ssl=1\",\"contentUrl\":\"https:\\\/\\\/i0.wp.com\\\/www.pfmiel.fr\\\/miel\\\/wp-content\\\/uploads\\\/2021\\\/10\\\/cropped-Capture-decran-du-2021-10-28-15-45-12.png?fit=220%2C250&ssl=1\",\"width\":220,\"height\":250,\"caption\":\"Pierre-Fran\u00e7ois\"},\"logo\":{\"@id\":\"https:\\\/\\\/i0.wp.com\\\/www.pfmiel.fr\\\/miel\\\/wp-content\\\/uploads\\\/2021\\\/10\\\/cropped-Capture-decran-du-2021-10-28-15-45-12.png?fit=220%2C250&ssl=1\"},\"sameAs\":[\"http:\\\/\\\/www.pfmiel.fr\"]}]}<\/script>\n<!-- \/ Yoast SEO plugin. -->","yoast_head_json":{"title":"Conditions G\u00e9n\u00e9rales de Ventes Essaims Reines Cellules Royales","description":"Conditions G\u00e9n\u00e9rales de Ventes pour les essaims, les reines et les cellules royales","robots":{"index":"noindex","follow":"nofollow"},"og_locale":"fr_FR","og_type":"article","og_title":"Conditions G\u00e9n\u00e9rales de Ventes Essaims Reines Cellules Royales","og_description":"Conditions G\u00e9n\u00e9rales de Ventes pour les essaims, les reines et les cellules royales","og_url":"https:\/\/www.pfmiel.fr\/miel\/conditions-generales-de-ventes-reines-cellules-royales-reines\/","og_site_name":"Pierre-Fran\u00e7ois Prot - Apiculteur - V\u00e9retz","article_modified_time":"2023-07-20T10:56:03+00:00","twitter_card":"summary_large_image","twitter_misc":{"Dur\u00e9e de lecture estim\u00e9e":"5 minutes"},"schema":{"@context":"https:\/\/schema.org","@graph":[{"@type":["WebPage","FAQPage"],"@id":"https:\/\/www.pfmiel.fr\/miel\/conditions-generales-de-ventes-reines-cellules-royales-reines\/","url":"https:\/\/www.pfmiel.fr\/miel\/conditions-generales-de-ventes-reines-cellules-royales-reines\/","name":"Conditions G\u00e9n\u00e9rales de Ventes Essaims Reines Cellules Royales","isPartOf":{"@id":"https:\/\/www.pfmiel.fr\/miel\/#website"},"datePublished":"2023-07-09T16:55:18+00:00","dateModified":"2023-07-20T10:56:03+00:00","description":"Conditions G\u00e9n\u00e9rales de Ventes pour les essaims, les reines et les cellules royales","breadcrumb":{"@id":"https:\/\/www.pfmiel.fr\/miel\/conditions-generales-de-ventes-reines-cellules-royales-reines\/#breadcrumb"},"inLanguage":"fr-FR","potentialAction":[{"@type":"ReadAction","target":["https:\/\/www.pfmiel.fr\/miel\/conditions-generales-de-ventes-reines-cellules-royales-reines\/"]}]},{"@type":"BreadcrumbList","@id":"https:\/\/www.pfmiel.fr\/miel\/conditions-generales-de-ventes-reines-cellules-royales-reines\/#breadcrumb","itemListElement":[{"@type":"ListItem","position":1,"name":"Home","item":"https:\/\/www.pfmiel.fr\/miel\/"},{"@type":"ListItem","position":2,"name":"Conditions G\u00e9n\u00e9rales de Ventes (essaims, reines et cellules royales"}]},{"@type":"WebSite","@id":"https:\/\/www.pfmiel.fr\/miel\/#website","url":"https:\/\/www.pfmiel.fr\/miel\/","name":"Pierre-Fran\u00e7ois Prot - Apiculteur - V\u00e9retz","description":"Apiculteur et R\u00e9coltant en Indre et Loire","publisher":{"@id":"https:\/\/www.pfmiel.fr\/miel\/#\/schema\/person\/e9395774cd584b94ab92efbd6c37acf5"},"potentialAction":[{"@type":"SearchAction","target":{"@type":"EntryPoint","urlTemplate":"https:\/\/www.pfmiel.fr\/miel\/?s={search_term_string}"},"query-input":{"@type":"PropertyValueSpecification","valueRequired":true,"valueName":"search_term_string"}}],"inLanguage":"fr-FR"},{"@type":["Person","Organization"],"@id":"https:\/\/www.pfmiel.fr\/miel\/#\/schema\/person\/e9395774cd584b94ab92efbd6c37acf5","name":"Pierre-Fran\u00e7ois","image":{"@type":"ImageObject","inLanguage":"fr-FR","@id":"https:\/\/i0.wp.com\/www.pfmiel.fr\/miel\/wp-content\/uploads\/2021\/10\/cropped-Capture-decran-du-2021-10-28-15-45-12.png?fit=220%2C250&ssl=1","url":"https:\/\/i0.wp.com\/www.pfmiel.fr\/miel\/wp-content\/uploads\/2021\/10\/cropped-Capture-decran-du-2021-10-28-15-45-12.png?fit=220%2C250&ssl=1","contentUrl":"https:\/\/i0.wp.com\/www.pfmiel.fr\/miel\/wp-content\/uploads\/2021\/10\/cropped-Capture-decran-du-2021-10-28-15-45-12.png?fit=220%2C250&ssl=1","width":220,"height":250,"caption":"Pierre-Fran\u00e7ois"},"logo":{"@id":"https:\/\/i0.wp.com\/www.pfmiel.fr\/miel\/wp-content\/uploads\/2021\/10\/cropped-Capture-decran-du-2021-10-28-15-45-12.png?fit=220%2C250&ssl=1"},"sameAs":["http:\/\/www.pfmiel.fr"]}]}},"jetpack_sharing_enabled":true,"_links":{"self":[{"href":"https:\/\/www.pfmiel.fr\/miel\/wp-json\/wp\/v2\/pages\/800","targetHints":{"allow":["GET"]}}],"collection":[{"href":"https:\/\/www.pfmiel.fr\/miel\/wp-json\/wp\/v2\/pages"}],"about":[{"href":"https:\/\/www.pfmiel.fr\/miel\/wp-json\/wp\/v2\/types\/page"}],"author":[{"embeddable":true,"href":"https:\/\/www.pfmiel.fr\/miel\/wp-json\/wp\/v2\/users\/2"}],"replies":[{"embeddable":true,"href":"https:\/\/www.pfmiel.fr\/miel\/wp-json\/wp\/v2\/comments?post=800"}],"version-history":[{"count":8,"href":"https:\/\/www.pfmiel.fr\/miel\/wp-json\/wp\/v2\/pages\/800\/revisions"}],"predecessor-version":[{"id":815,"href":"https:\/\/www.pfmiel.fr\/miel\/wp-json\/wp\/v2\/pages\/800\/revisions\/815"}],"wp:attachment":[{"href":"https:\/\/www.pfmiel.fr\/miel\/wp-json\/wp\/v2\/media?parent=800"}],"curies":[{"name":"wp","href":"https:\/\/api.w.org\/{rel}","templated":true}]}}