{"id":1121,"date":"2024-06-09T21:40:55","date_gmt":"2024-06-09T19:40:55","guid":{"rendered":"https:\/\/www.pfmiel.fr\/miel\/?post_type=product&#038;p=1121"},"modified":"2025-05-15T21:33:13","modified_gmt":"2025-05-15T19:33:13","slug":"reine","status":"publish","type":"product","link":"https:\/\/www.pfmiel.fr\/miel\/boutique\/reine\/","title":{"rendered":"Reine f\u00e9cond\u00e9e F1 souche Buckfast"},"content":{"rendered":"<p>Reine f\u00e9cond\u00e9e de l&rsquo;ann\u00e9e.<\/p>\n<p>Reine F1 \u00e9lev\u00e9e a partir de souche F0 Buckfast<\/p>\n<p>Merci de lire les <a href=\"https:\/\/www.pfmiel.fr\/miel\/conditions-generales-de-ventes-reines-cellules-royales-reines\/\">Conditions G\u00e9n\u00e9rales de Ventes (essaims, reines et cellules royales<\/a> avant de commander des essaims.<\/p>\n","protected":false},"excerpt":{"rendered":"<p>Reine f\u00e9cond\u00e9e de l&rsquo;ann\u00e9e. Reine F1 \u00e9lev\u00e9e a partir de souche F0 Buckfast Merci de lire les Conditions G\u00e9n\u00e9rales de Ventes (essaims, reines et cellules royales avant de commander des essaims.<\/p>\n","protected":false},"featured_media":795,"comment_status":"closed","ping_status":"closed","template":"","meta":[],"product_brand":[],"product_cat":[15],"product_tag":[],"class_list":{"0":"post-1121","1":"product","2":"type-product","3":"status-publish","4":"has-post-thumbnail","6":"product_cat-non-classe","8":"first","9":"instock","10":"taxable","11":"shipping-taxable","12":"purchasable","13":"product-type-simple"},"yoast_head":"<!-- This site is optimized with the Yoast SEO plugin v27.5 - https:\/\/yoast.com\/product\/yoast-seo-wordpress\/ -->\n<title>Reine f\u00e9cond\u00e9e F1 souche Buckfast - Pierre-Fran\u00e7ois Prot - Apiculteur - V\u00e9retz<\/title>\n<meta name=\"description\" content=\"essaim d&#039;abeille de l&#039;ann\u00e9e compos\u00e9 de 3 cadres de couvains, 1 cadre de nourriture, 1 cadre a b\u00e2tir et une reine de l&#039;ann\u00e9e\" \/>\n<meta name=\"robots\" content=\"index, follow, max-snippet:-1, max-image-preview:large, max-video-preview:-1\" \/>\n<link rel=\"canonical\" href=\"https:\/\/www.pfmiel.fr\/miel\/boutique\/reine\/\" \/>\n<meta property=\"og:locale\" content=\"fr_FR\" \/>\n<meta property=\"og:type\" content=\"article\" \/>\n<meta property=\"og:title\" content=\"Reine f\u00e9cond\u00e9e F1 souche Buckfast - Pierre-Fran\u00e7ois Prot - Apiculteur - V\u00e9retz\" \/>\n<meta property=\"og:description\" content=\"essaim d&#039;abeille de l&#039;ann\u00e9e compos\u00e9 de 3 cadres de couvains, 1 cadre de nourriture, 1 cadre a b\u00e2tir et une reine de l&#039;ann\u00e9e\" \/>\n<meta property=\"og:url\" content=\"https:\/\/www.pfmiel.fr\/miel\/boutique\/reine\/\" \/>\n<meta property=\"og:site_name\" content=\"Pierre-Fran\u00e7ois Prot - Apiculteur - V\u00e9retz\" \/>\n<meta property=\"article:modified_time\" content=\"2025-05-15T19:33:13+00:00\" \/>\n<meta property=\"og:image\" content=\"https:\/\/www.pfmiel.fr\/miel\/wp-content\/uploads\/2023\/07\/IMG_9116-scaled.jpg\" \/>\n\t<meta property=\"og:image:width\" content=\"2560\" \/>\n\t<meta property=\"og:image:height\" content=\"1707\" \/>\n\t<meta property=\"og:image:type\" content=\"image\/jpeg\" \/>\n<meta name=\"twitter:card\" content=\"summary_large_image\" \/>\n<script type=\"application\/ld+json\" class=\"yoast-schema-graph\">{\"@context\":\"https:\\\/\\\/schema.org\",\"@graph\":[{\"@type\":\"WebPage\",\"@id\":\"https:\\\/\\\/www.pfmiel.fr\\\/miel\\\/boutique\\\/reine\\\/\",\"url\":\"https:\\\/\\\/www.pfmiel.fr\\\/miel\\\/boutique\\\/reine\\\/\",\"name\":\"Reine f\u00e9cond\u00e9e F1 souche Buckfast - Pierre-Fran\u00e7ois Prot - Apiculteur - V\u00e9retz\",\"isPartOf\":{\"@id\":\"https:\\\/\\\/www.pfmiel.fr\\\/miel\\\/#website\"},\"primaryImageOfPage\":{\"@id\":\"https:\\\/\\\/www.pfmiel.fr\\\/miel\\\/boutique\\\/reine\\\/#primaryimage\"},\"image\":{\"@id\":\"https:\\\/\\\/www.pfmiel.fr\\\/miel\\\/boutique\\\/reine\\\/#primaryimage\"},\"thumbnailUrl\":\"https:\\\/\\\/i0.wp.com\\\/www.pfmiel.fr\\\/miel\\\/wp-content\\\/uploads\\\/2023\\\/07\\\/IMG_9116-scaled.jpg?fit=2560%2C1707&ssl=1\",\"datePublished\":\"2024-06-09T19:40:55+00:00\",\"dateModified\":\"2025-05-15T19:33:13+00:00\",\"description\":\"essaim d'abeille de l'ann\u00e9e compos\u00e9 de 3 cadres de couvains, 1 cadre de nourriture, 1 cadre a b\u00e2tir et une reine de l'ann\u00e9e\",\"breadcrumb\":{\"@id\":\"https:\\\/\\\/www.pfmiel.fr\\\/miel\\\/boutique\\\/reine\\\/#breadcrumb\"},\"inLanguage\":\"fr-FR\",\"potentialAction\":[{\"@type\":\"ReadAction\",\"target\":[\"https:\\\/\\\/www.pfmiel.fr\\\/miel\\\/boutique\\\/reine\\\/\"]}]},{\"@type\":\"ImageObject\",\"inLanguage\":\"fr-FR\",\"@id\":\"https:\\\/\\\/www.pfmiel.fr\\\/miel\\\/boutique\\\/reine\\\/#primaryimage\",\"url\":\"https:\\\/\\\/i0.wp.com\\\/www.pfmiel.fr\\\/miel\\\/wp-content\\\/uploads\\\/2023\\\/07\\\/IMG_9116-scaled.jpg?fit=2560%2C1707&ssl=1\",\"contentUrl\":\"https:\\\/\\\/i0.wp.com\\\/www.pfmiel.fr\\\/miel\\\/wp-content\\\/uploads\\\/2023\\\/07\\\/IMG_9116-scaled.jpg?fit=2560%2C1707&ssl=1\",\"width\":2560,\"height\":1707},{\"@type\":\"BreadcrumbList\",\"@id\":\"https:\\\/\\\/www.pfmiel.fr\\\/miel\\\/boutique\\\/reine\\\/#breadcrumb\",\"itemListElement\":[{\"@type\":\"ListItem\",\"position\":1,\"name\":\"Home\",\"item\":\"https:\\\/\\\/www.pfmiel.fr\\\/miel\\\/\"},{\"@type\":\"ListItem\",\"position\":2,\"name\":\"Boutique\",\"item\":\"https:\\\/\\\/www.pfmiel.fr\\\/miel\\\/boutique\\\/\"},{\"@type\":\"ListItem\",\"position\":3,\"name\":\"Reine f\u00e9cond\u00e9e F1 souche Buckfast\"}]},{\"@type\":\"WebSite\",\"@id\":\"https:\\\/\\\/www.pfmiel.fr\\\/miel\\\/#website\",\"url\":\"https:\\\/\\\/www.pfmiel.fr\\\/miel\\\/\",\"name\":\"Pierre-Fran\u00e7ois Prot - Apiculteur - V\u00e9retz\",\"description\":\"Apiculteur et R\u00e9coltant en Indre et Loire\",\"publisher\":{\"@id\":\"https:\\\/\\\/www.pfmiel.fr\\\/miel\\\/#\\\/schema\\\/person\\\/e9395774cd584b94ab92efbd6c37acf5\"},\"potentialAction\":[{\"@type\":\"SearchAction\",\"target\":{\"@type\":\"EntryPoint\",\"urlTemplate\":\"https:\\\/\\\/www.pfmiel.fr\\\/miel\\\/?s={search_term_string}\"},\"query-input\":{\"@type\":\"PropertyValueSpecification\",\"valueRequired\":true,\"valueName\":\"search_term_string\"}}],\"inLanguage\":\"fr-FR\"},{\"@type\":[\"Person\",\"Organization\"],\"@id\":\"https:\\\/\\\/www.pfmiel.fr\\\/miel\\\/#\\\/schema\\\/person\\\/e9395774cd584b94ab92efbd6c37acf5\",\"name\":\"Pierre-Fran\u00e7ois\",\"image\":{\"@type\":\"ImageObject\",\"inLanguage\":\"fr-FR\",\"@id\":\"https:\\\/\\\/i0.wp.com\\\/www.pfmiel.fr\\\/miel\\\/wp-content\\\/uploads\\\/2021\\\/10\\\/cropped-Capture-decran-du-2021-10-28-15-45-12.png?fit=220%2C250&ssl=1\",\"url\":\"https:\\\/\\\/i0.wp.com\\\/www.pfmiel.fr\\\/miel\\\/wp-content\\\/uploads\\\/2021\\\/10\\\/cropped-Capture-decran-du-2021-10-28-15-45-12.png?fit=220%2C250&ssl=1\",\"contentUrl\":\"https:\\\/\\\/i0.wp.com\\\/www.pfmiel.fr\\\/miel\\\/wp-content\\\/uploads\\\/2021\\\/10\\\/cropped-Capture-decran-du-2021-10-28-15-45-12.png?fit=220%2C250&ssl=1\",\"width\":220,\"height\":250,\"caption\":\"Pierre-Fran\u00e7ois\"},\"logo\":{\"@id\":\"https:\\\/\\\/i0.wp.com\\\/www.pfmiel.fr\\\/miel\\\/wp-content\\\/uploads\\\/2021\\\/10\\\/cropped-Capture-decran-du-2021-10-28-15-45-12.png?fit=220%2C250&ssl=1\"},\"sameAs\":[\"http:\\\/\\\/www.pfmiel.fr\"]}]}<\/script>\n<!-- \/ Yoast SEO plugin. -->","yoast_head_json":{"title":"Reine f\u00e9cond\u00e9e F1 souche Buckfast - Pierre-Fran\u00e7ois Prot - Apiculteur - V\u00e9retz","description":"essaim d'abeille de l'ann\u00e9e compos\u00e9 de 3 cadres de couvains, 1 cadre de nourriture, 1 cadre a b\u00e2tir et une reine de l'ann\u00e9e","robots":{"index":"index","follow":"follow","max-snippet":"max-snippet:-1","max-image-preview":"max-image-preview:large","max-video-preview":"max-video-preview:-1"},"canonical":"https:\/\/www.pfmiel.fr\/miel\/boutique\/reine\/","og_locale":"fr_FR","og_type":"article","og_title":"Reine f\u00e9cond\u00e9e F1 souche Buckfast - Pierre-Fran\u00e7ois Prot - Apiculteur - V\u00e9retz","og_description":"essaim d'abeille de l'ann\u00e9e compos\u00e9 de 3 cadres de couvains, 1 cadre de nourriture, 1 cadre a b\u00e2tir et une reine de l'ann\u00e9e","og_url":"https:\/\/www.pfmiel.fr\/miel\/boutique\/reine\/","og_site_name":"Pierre-Fran\u00e7ois Prot - Apiculteur - V\u00e9retz","article_modified_time":"2025-05-15T19:33:13+00:00","og_image":[{"width":2560,"height":1707,"url":"https:\/\/www.pfmiel.fr\/miel\/wp-content\/uploads\/2023\/07\/IMG_9116-scaled.jpg","type":"image\/jpeg"}],"twitter_card":"summary_large_image","schema":{"@context":"https:\/\/schema.org","@graph":[{"@type":"WebPage","@id":"https:\/\/www.pfmiel.fr\/miel\/boutique\/reine\/","url":"https:\/\/www.pfmiel.fr\/miel\/boutique\/reine\/","name":"Reine f\u00e9cond\u00e9e F1 souche Buckfast - Pierre-Fran\u00e7ois Prot - Apiculteur - V\u00e9retz","isPartOf":{"@id":"https:\/\/www.pfmiel.fr\/miel\/#website"},"primaryImageOfPage":{"@id":"https:\/\/www.pfmiel.fr\/miel\/boutique\/reine\/#primaryimage"},"image":{"@id":"https:\/\/www.pfmiel.fr\/miel\/boutique\/reine\/#primaryimage"},"thumbnailUrl":"https:\/\/i0.wp.com\/www.pfmiel.fr\/miel\/wp-content\/uploads\/2023\/07\/IMG_9116-scaled.jpg?fit=2560%2C1707&ssl=1","datePublished":"2024-06-09T19:40:55+00:00","dateModified":"2025-05-15T19:33:13+00:00","description":"essaim d'abeille de l'ann\u00e9e compos\u00e9 de 3 cadres de couvains, 1 cadre de nourriture, 1 cadre a b\u00e2tir et une reine de l'ann\u00e9e","breadcrumb":{"@id":"https:\/\/www.pfmiel.fr\/miel\/boutique\/reine\/#breadcrumb"},"inLanguage":"fr-FR","potentialAction":[{"@type":"ReadAction","target":["https:\/\/www.pfmiel.fr\/miel\/boutique\/reine\/"]}]},{"@type":"ImageObject","inLanguage":"fr-FR","@id":"https:\/\/www.pfmiel.fr\/miel\/boutique\/reine\/#primaryimage","url":"https:\/\/i0.wp.com\/www.pfmiel.fr\/miel\/wp-content\/uploads\/2023\/07\/IMG_9116-scaled.jpg?fit=2560%2C1707&ssl=1","contentUrl":"https:\/\/i0.wp.com\/www.pfmiel.fr\/miel\/wp-content\/uploads\/2023\/07\/IMG_9116-scaled.jpg?fit=2560%2C1707&ssl=1","width":2560,"height":1707},{"@type":"BreadcrumbList","@id":"https:\/\/www.pfmiel.fr\/miel\/boutique\/reine\/#breadcrumb","itemListElement":[{"@type":"ListItem","position":1,"name":"Home","item":"https:\/\/www.pfmiel.fr\/miel\/"},{"@type":"ListItem","position":2,"name":"Boutique","item":"https:\/\/www.pfmiel.fr\/miel\/boutique\/"},{"@type":"ListItem","position":3,"name":"Reine f\u00e9cond\u00e9e F1 souche Buckfast"}]},{"@type":"WebSite","@id":"https:\/\/www.pfmiel.fr\/miel\/#website","url":"https:\/\/www.pfmiel.fr\/miel\/","name":"Pierre-Fran\u00e7ois Prot - Apiculteur - V\u00e9retz","description":"Apiculteur et R\u00e9coltant en Indre et Loire","publisher":{"@id":"https:\/\/www.pfmiel.fr\/miel\/#\/schema\/person\/e9395774cd584b94ab92efbd6c37acf5"},"potentialAction":[{"@type":"SearchAction","target":{"@type":"EntryPoint","urlTemplate":"https:\/\/www.pfmiel.fr\/miel\/?s={search_term_string}"},"query-input":{"@type":"PropertyValueSpecification","valueRequired":true,"valueName":"search_term_string"}}],"inLanguage":"fr-FR"},{"@type":["Person","Organization"],"@id":"https:\/\/www.pfmiel.fr\/miel\/#\/schema\/person\/e9395774cd584b94ab92efbd6c37acf5","name":"Pierre-Fran\u00e7ois","image":{"@type":"ImageObject","inLanguage":"fr-FR","@id":"https:\/\/i0.wp.com\/www.pfmiel.fr\/miel\/wp-content\/uploads\/2021\/10\/cropped-Capture-decran-du-2021-10-28-15-45-12.png?fit=220%2C250&ssl=1","url":"https:\/\/i0.wp.com\/www.pfmiel.fr\/miel\/wp-content\/uploads\/2021\/10\/cropped-Capture-decran-du-2021-10-28-15-45-12.png?fit=220%2C250&ssl=1","contentUrl":"https:\/\/i0.wp.com\/www.pfmiel.fr\/miel\/wp-content\/uploads\/2021\/10\/cropped-Capture-decran-du-2021-10-28-15-45-12.png?fit=220%2C250&ssl=1","width":220,"height":250,"caption":"Pierre-Fran\u00e7ois"},"logo":{"@id":"https:\/\/i0.wp.com\/www.pfmiel.fr\/miel\/wp-content\/uploads\/2021\/10\/cropped-Capture-decran-du-2021-10-28-15-45-12.png?fit=220%2C250&ssl=1"},"sameAs":["http:\/\/www.pfmiel.fr"]}]}},"jetpack_sharing_enabled":true,"_links":{"self":[{"href":"https:\/\/www.pfmiel.fr\/miel\/wp-json\/wp\/v2\/product\/1121","targetHints":{"allow":["GET"]}}],"collection":[{"href":"https:\/\/www.pfmiel.fr\/miel\/wp-json\/wp\/v2\/product"}],"about":[{"href":"https:\/\/www.pfmiel.fr\/miel\/wp-json\/wp\/v2\/types\/product"}],"replies":[{"embeddable":true,"href":"https:\/\/www.pfmiel.fr\/miel\/wp-json\/wp\/v2\/comments?post=1121"}],"wp:featuredmedia":[{"embeddable":true,"href":"https:\/\/www.pfmiel.fr\/miel\/wp-json\/wp\/v2\/media\/795"}],"wp:attachment":[{"href":"https:\/\/www.pfmiel.fr\/miel\/wp-json\/wp\/v2\/media?parent=1121"}],"wp:term":[{"taxonomy":"product_brand","embeddable":true,"href":"https:\/\/www.pfmiel.fr\/miel\/wp-json\/wp\/v2\/product_brand?post=1121"},{"taxonomy":"product_cat","embeddable":true,"href":"https:\/\/www.pfmiel.fr\/miel\/wp-json\/wp\/v2\/product_cat?post=1121"},{"taxonomy":"product_tag","embeddable":true,"href":"https:\/\/www.pfmiel.fr\/miel\/wp-json\/wp\/v2\/product_tag?post=1121"}],"curies":[{"name":"wp","href":"https:\/\/api.w.org\/{rel}","templated":true}]}}