{"id":147,"date":"2021-11-02T19:23:36","date_gmt":"2021-11-02T18:23:36","guid":{"rendered":"http:\/\/www.pefetperrine.fr\/miel\/?post_type=product&#038;p=147"},"modified":"2024-02-09T18:31:31","modified_gmt":"2024-02-09T17:31:31","slug":"parrainage","status":"publish","type":"product","link":"https:\/\/www.pfmiel.fr\/miel\/boutique\/parrainage\/","title":{"rendered":"Parrainage de ruche"},"content":{"rendered":"<p>Mon activit\u00e9 apicole en est pour l&rsquo;instant \u00e0 ses balbutiements.<\/p>\n<p>Comme toute activit\u00e9 agricole, l&rsquo;apiculture n\u00e9cessite les premi\u00e8res ann\u00e9es beaucoup plus d&rsquo;investissements financiers qu&rsquo;elle ne g\u00e9n\u00e8re de revenus.<\/p>\n<p>En parrainant une ruche vous me permettez de financer l&rsquo;achat de mat\u00e9riel afin de pouvoir d\u00e9velopper et p\u00e9renniser cette activit\u00e9.<\/p>\n<p>Ce parrainage me permet \u00e9galement d&rsquo;am\u00e9nager le rucher en y plantant des arbres fruitiers, des haies ainsi que des plantes mellif\u00e8res.<\/p>\n<p>Vous contribuez ainsi \u00e9galement \u00e0 la pr\u00e9servation de la biodiversit\u00e9.<\/p>\n<p>Les compensations propos\u00e9es sont ajustables \u00e0 la demande (pain d&rsquo;\u00e9pices, visite de ruches, marquage de ruche \u00e0 votre nom).<\/p>\n<p>Formule 1 :\u00a0 500g de miel par an pendant 3ans<br \/>\nFormule 2 : 1kg de miel par an pendant 3ans<br \/>\nFormule 3 : 1,5kg de miel par an pendant 3ans<br \/>\nFormule 4 : 2kg de miel par an pendant 3ans<br \/>\nFormule 5 : 2,5kg de miel par an pendant 3ans<br \/>\nFormule 6 : 3kg de miel par an pendant 3ans<br \/>\nFormule 7 : 3kg de miel + 1 pain d&rsquo;\u00e9pices par an pendant 3ans<\/p>\n","protected":false},"excerpt":{"rendered":"<p>Mon activit\u00e9 apicole en est pour l&rsquo;instant \u00e0 ses balbutiements. Comme toute activit\u00e9 agricole, l&rsquo;apiculture n\u00e9cessite les premi\u00e8res ann\u00e9es beaucoup plus d&rsquo;investissements financiers qu&rsquo;elle ne g\u00e9n\u00e8re de revenus. En parrainant une ruche vous me permettez de financer l&rsquo;achat de mat\u00e9riel afin de pouvoir d\u00e9velopper et p\u00e9renniser cette activit\u00e9. Ce parrainage me permet \u00e9galement d&rsquo;am\u00e9nager le &hellip; <\/p>\n<p class=\"link-more\"><a href=\"https:\/\/www.pfmiel.fr\/miel\/boutique\/parrainage\/\" class=\"more-link\">Continuer la lecture<span class=\"screen-reader-text\"> de &laquo;&nbsp;Parrainage de ruche&nbsp;&raquo;<\/span><\/a><\/p>\n","protected":false},"featured_media":157,"comment_status":"closed","ping_status":"closed","template":"","meta":[],"product_brand":[],"product_cat":[31],"product_tag":[],"class_list":{"0":"post-147","1":"product","2":"type-product","3":"status-publish","4":"has-post-thumbnail","6":"product_cat-parrainage","8":"first","9":"instock","10":"taxable","11":"shipping-taxable","12":"purchasable","13":"product-type-variable"},"yoast_head":"<!-- This site is optimized with the Yoast SEO plugin v27.5 - https:\/\/yoast.com\/product\/yoast-seo-wordpress\/ -->\n<title>Parrainage de ruche - V\u00e9retz - Indre et Loire<\/title>\n<meta name=\"description\" content=\"Aidez la nature en parrainant une ruche \u00e0 V\u00e9retz en Indre et Loire.\" \/>\n<meta name=\"robots\" content=\"index, follow, max-snippet:-1, max-image-preview:large, max-video-preview:-1\" \/>\n<link rel=\"canonical\" href=\"https:\/\/www.pfmiel.fr\/miel\/boutique\/parrainage\/\" \/>\n<meta property=\"og:locale\" content=\"fr_FR\" \/>\n<meta property=\"og:type\" content=\"article\" \/>\n<meta property=\"og:title\" content=\"Parrainage de ruche - V\u00e9retz - Indre et Loire\" \/>\n<meta property=\"og:description\" content=\"Aidez la nature en parrainant une ruche \u00e0 V\u00e9retz en Indre et Loire.\" \/>\n<meta property=\"og:url\" content=\"https:\/\/www.pfmiel.fr\/miel\/boutique\/parrainage\/\" \/>\n<meta property=\"og:site_name\" content=\"Pierre-Fran\u00e7ois Prot - Apiculteur - V\u00e9retz\" \/>\n<meta property=\"article:modified_time\" content=\"2024-02-09T17:31:31+00:00\" \/>\n<meta property=\"og:image\" content=\"https:\/\/www.pfmiel.fr\/miel\/wp-content\/uploads\/2021\/11\/1635878850064-scaled.jpg\" \/>\n\t<meta property=\"og:image:width\" content=\"1922\" \/>\n\t<meta property=\"og:image:height\" content=\"2560\" \/>\n\t<meta property=\"og:image:type\" content=\"image\/jpeg\" \/>\n<meta name=\"twitter:card\" content=\"summary_large_image\" \/>\n<meta name=\"twitter:label1\" content=\"Dur\u00e9e de lecture estim\u00e9e\" \/>\n\t<meta name=\"twitter:data1\" content=\"1 minute\" \/>\n<script type=\"application\/ld+json\" class=\"yoast-schema-graph\">{\"@context\":\"https:\\\/\\\/schema.org\",\"@graph\":[{\"@type\":\"WebPage\",\"@id\":\"https:\\\/\\\/www.pfmiel.fr\\\/miel\\\/boutique\\\/parrainage\\\/\",\"url\":\"https:\\\/\\\/www.pfmiel.fr\\\/miel\\\/boutique\\\/parrainage\\\/\",\"name\":\"Parrainage de ruche - V\u00e9retz - Indre et Loire\",\"isPartOf\":{\"@id\":\"https:\\\/\\\/www.pfmiel.fr\\\/miel\\\/#website\"},\"primaryImageOfPage\":{\"@id\":\"https:\\\/\\\/www.pfmiel.fr\\\/miel\\\/boutique\\\/parrainage\\\/#primaryimage\"},\"image\":{\"@id\":\"https:\\\/\\\/www.pfmiel.fr\\\/miel\\\/boutique\\\/parrainage\\\/#primaryimage\"},\"thumbnailUrl\":\"https:\\\/\\\/i0.wp.com\\\/www.pfmiel.fr\\\/miel\\\/wp-content\\\/uploads\\\/2021\\\/11\\\/1635878850064-scaled.jpg?fit=1922%2C2560&ssl=1\",\"datePublished\":\"2021-11-02T18:23:36+00:00\",\"dateModified\":\"2024-02-09T17:31:31+00:00\",\"description\":\"Aidez la nature en parrainant une ruche \u00e0 V\u00e9retz en Indre et Loire.\",\"breadcrumb\":{\"@id\":\"https:\\\/\\\/www.pfmiel.fr\\\/miel\\\/boutique\\\/parrainage\\\/#breadcrumb\"},\"inLanguage\":\"fr-FR\",\"potentialAction\":[{\"@type\":\"ReadAction\",\"target\":[\"https:\\\/\\\/www.pfmiel.fr\\\/miel\\\/boutique\\\/parrainage\\\/\"]}]},{\"@type\":\"ImageObject\",\"inLanguage\":\"fr-FR\",\"@id\":\"https:\\\/\\\/www.pfmiel.fr\\\/miel\\\/boutique\\\/parrainage\\\/#primaryimage\",\"url\":\"https:\\\/\\\/i0.wp.com\\\/www.pfmiel.fr\\\/miel\\\/wp-content\\\/uploads\\\/2021\\\/11\\\/1635878850064-scaled.jpg?fit=1922%2C2560&ssl=1\",\"contentUrl\":\"https:\\\/\\\/i0.wp.com\\\/www.pfmiel.fr\\\/miel\\\/wp-content\\\/uploads\\\/2021\\\/11\\\/1635878850064-scaled.jpg?fit=1922%2C2560&ssl=1\",\"width\":1922,\"height\":2560},{\"@type\":\"BreadcrumbList\",\"@id\":\"https:\\\/\\\/www.pfmiel.fr\\\/miel\\\/boutique\\\/parrainage\\\/#breadcrumb\",\"itemListElement\":[{\"@type\":\"ListItem\",\"position\":1,\"name\":\"Home\",\"item\":\"https:\\\/\\\/www.pfmiel.fr\\\/miel\\\/\"},{\"@type\":\"ListItem\",\"position\":2,\"name\":\"Boutique\",\"item\":\"https:\\\/\\\/www.pfmiel.fr\\\/miel\\\/boutique\\\/\"},{\"@type\":\"ListItem\",\"position\":3,\"name\":\"Parrainage de ruche\"}]},{\"@type\":\"WebSite\",\"@id\":\"https:\\\/\\\/www.pfmiel.fr\\\/miel\\\/#website\",\"url\":\"https:\\\/\\\/www.pfmiel.fr\\\/miel\\\/\",\"name\":\"Pierre-Fran\u00e7ois Prot - Apiculteur - V\u00e9retz\",\"description\":\"Apiculteur et R\u00e9coltant en Indre et Loire\",\"publisher\":{\"@id\":\"https:\\\/\\\/www.pfmiel.fr\\\/miel\\\/#\\\/schema\\\/person\\\/e9395774cd584b94ab92efbd6c37acf5\"},\"potentialAction\":[{\"@type\":\"SearchAction\",\"target\":{\"@type\":\"EntryPoint\",\"urlTemplate\":\"https:\\\/\\\/www.pfmiel.fr\\\/miel\\\/?s={search_term_string}\"},\"query-input\":{\"@type\":\"PropertyValueSpecification\",\"valueRequired\":true,\"valueName\":\"search_term_string\"}}],\"inLanguage\":\"fr-FR\"},{\"@type\":[\"Person\",\"Organization\"],\"@id\":\"https:\\\/\\\/www.pfmiel.fr\\\/miel\\\/#\\\/schema\\\/person\\\/e9395774cd584b94ab92efbd6c37acf5\",\"name\":\"Pierre-Fran\u00e7ois\",\"image\":{\"@type\":\"ImageObject\",\"inLanguage\":\"fr-FR\",\"@id\":\"https:\\\/\\\/i0.wp.com\\\/www.pfmiel.fr\\\/miel\\\/wp-content\\\/uploads\\\/2021\\\/10\\\/cropped-Capture-decran-du-2021-10-28-15-45-12.png?fit=220%2C250&ssl=1\",\"url\":\"https:\\\/\\\/i0.wp.com\\\/www.pfmiel.fr\\\/miel\\\/wp-content\\\/uploads\\\/2021\\\/10\\\/cropped-Capture-decran-du-2021-10-28-15-45-12.png?fit=220%2C250&ssl=1\",\"contentUrl\":\"https:\\\/\\\/i0.wp.com\\\/www.pfmiel.fr\\\/miel\\\/wp-content\\\/uploads\\\/2021\\\/10\\\/cropped-Capture-decran-du-2021-10-28-15-45-12.png?fit=220%2C250&ssl=1\",\"width\":220,\"height\":250,\"caption\":\"Pierre-Fran\u00e7ois\"},\"logo\":{\"@id\":\"https:\\\/\\\/i0.wp.com\\\/www.pfmiel.fr\\\/miel\\\/wp-content\\\/uploads\\\/2021\\\/10\\\/cropped-Capture-decran-du-2021-10-28-15-45-12.png?fit=220%2C250&ssl=1\"},\"sameAs\":[\"http:\\\/\\\/www.pfmiel.fr\"]}]}<\/script>\n<!-- \/ Yoast SEO plugin. -->","yoast_head_json":{"title":"Parrainage de ruche - V\u00e9retz - Indre et Loire","description":"Aidez la nature en parrainant une ruche \u00e0 V\u00e9retz en Indre et Loire.","robots":{"index":"index","follow":"follow","max-snippet":"max-snippet:-1","max-image-preview":"max-image-preview:large","max-video-preview":"max-video-preview:-1"},"canonical":"https:\/\/www.pfmiel.fr\/miel\/boutique\/parrainage\/","og_locale":"fr_FR","og_type":"article","og_title":"Parrainage de ruche - V\u00e9retz - Indre et Loire","og_description":"Aidez la nature en parrainant une ruche \u00e0 V\u00e9retz en Indre et Loire.","og_url":"https:\/\/www.pfmiel.fr\/miel\/boutique\/parrainage\/","og_site_name":"Pierre-Fran\u00e7ois Prot - Apiculteur - V\u00e9retz","article_modified_time":"2024-02-09T17:31:31+00:00","og_image":[{"width":1922,"height":2560,"url":"https:\/\/www.pfmiel.fr\/miel\/wp-content\/uploads\/2021\/11\/1635878850064-scaled.jpg","type":"image\/jpeg"}],"twitter_card":"summary_large_image","twitter_misc":{"Dur\u00e9e de lecture estim\u00e9e":"1 minute"},"schema":{"@context":"https:\/\/schema.org","@graph":[{"@type":"WebPage","@id":"https:\/\/www.pfmiel.fr\/miel\/boutique\/parrainage\/","url":"https:\/\/www.pfmiel.fr\/miel\/boutique\/parrainage\/","name":"Parrainage de ruche - V\u00e9retz - Indre et Loire","isPartOf":{"@id":"https:\/\/www.pfmiel.fr\/miel\/#website"},"primaryImageOfPage":{"@id":"https:\/\/www.pfmiel.fr\/miel\/boutique\/parrainage\/#primaryimage"},"image":{"@id":"https:\/\/www.pfmiel.fr\/miel\/boutique\/parrainage\/#primaryimage"},"thumbnailUrl":"https:\/\/i0.wp.com\/www.pfmiel.fr\/miel\/wp-content\/uploads\/2021\/11\/1635878850064-scaled.jpg?fit=1922%2C2560&ssl=1","datePublished":"2021-11-02T18:23:36+00:00","dateModified":"2024-02-09T17:31:31+00:00","description":"Aidez la nature en parrainant une ruche \u00e0 V\u00e9retz en Indre et Loire.","breadcrumb":{"@id":"https:\/\/www.pfmiel.fr\/miel\/boutique\/parrainage\/#breadcrumb"},"inLanguage":"fr-FR","potentialAction":[{"@type":"ReadAction","target":["https:\/\/www.pfmiel.fr\/miel\/boutique\/parrainage\/"]}]},{"@type":"ImageObject","inLanguage":"fr-FR","@id":"https:\/\/www.pfmiel.fr\/miel\/boutique\/parrainage\/#primaryimage","url":"https:\/\/i0.wp.com\/www.pfmiel.fr\/miel\/wp-content\/uploads\/2021\/11\/1635878850064-scaled.jpg?fit=1922%2C2560&ssl=1","contentUrl":"https:\/\/i0.wp.com\/www.pfmiel.fr\/miel\/wp-content\/uploads\/2021\/11\/1635878850064-scaled.jpg?fit=1922%2C2560&ssl=1","width":1922,"height":2560},{"@type":"BreadcrumbList","@id":"https:\/\/www.pfmiel.fr\/miel\/boutique\/parrainage\/#breadcrumb","itemListElement":[{"@type":"ListItem","position":1,"name":"Home","item":"https:\/\/www.pfmiel.fr\/miel\/"},{"@type":"ListItem","position":2,"name":"Boutique","item":"https:\/\/www.pfmiel.fr\/miel\/boutique\/"},{"@type":"ListItem","position":3,"name":"Parrainage de ruche"}]},{"@type":"WebSite","@id":"https:\/\/www.pfmiel.fr\/miel\/#website","url":"https:\/\/www.pfmiel.fr\/miel\/","name":"Pierre-Fran\u00e7ois Prot - Apiculteur - V\u00e9retz","description":"Apiculteur et R\u00e9coltant en Indre et Loire","publisher":{"@id":"https:\/\/www.pfmiel.fr\/miel\/#\/schema\/person\/e9395774cd584b94ab92efbd6c37acf5"},"potentialAction":[{"@type":"SearchAction","target":{"@type":"EntryPoint","urlTemplate":"https:\/\/www.pfmiel.fr\/miel\/?s={search_term_string}"},"query-input":{"@type":"PropertyValueSpecification","valueRequired":true,"valueName":"search_term_string"}}],"inLanguage":"fr-FR"},{"@type":["Person","Organization"],"@id":"https:\/\/www.pfmiel.fr\/miel\/#\/schema\/person\/e9395774cd584b94ab92efbd6c37acf5","name":"Pierre-Fran\u00e7ois","image":{"@type":"ImageObject","inLanguage":"fr-FR","@id":"https:\/\/i0.wp.com\/www.pfmiel.fr\/miel\/wp-content\/uploads\/2021\/10\/cropped-Capture-decran-du-2021-10-28-15-45-12.png?fit=220%2C250&ssl=1","url":"https:\/\/i0.wp.com\/www.pfmiel.fr\/miel\/wp-content\/uploads\/2021\/10\/cropped-Capture-decran-du-2021-10-28-15-45-12.png?fit=220%2C250&ssl=1","contentUrl":"https:\/\/i0.wp.com\/www.pfmiel.fr\/miel\/wp-content\/uploads\/2021\/10\/cropped-Capture-decran-du-2021-10-28-15-45-12.png?fit=220%2C250&ssl=1","width":220,"height":250,"caption":"Pierre-Fran\u00e7ois"},"logo":{"@id":"https:\/\/i0.wp.com\/www.pfmiel.fr\/miel\/wp-content\/uploads\/2021\/10\/cropped-Capture-decran-du-2021-10-28-15-45-12.png?fit=220%2C250&ssl=1"},"sameAs":["http:\/\/www.pfmiel.fr"]}]}},"jetpack_sharing_enabled":true,"_links":{"self":[{"href":"https:\/\/www.pfmiel.fr\/miel\/wp-json\/wp\/v2\/product\/147","targetHints":{"allow":["GET"]}}],"collection":[{"href":"https:\/\/www.pfmiel.fr\/miel\/wp-json\/wp\/v2\/product"}],"about":[{"href":"https:\/\/www.pfmiel.fr\/miel\/wp-json\/wp\/v2\/types\/product"}],"replies":[{"embeddable":true,"href":"https:\/\/www.pfmiel.fr\/miel\/wp-json\/wp\/v2\/comments?post=147"}],"wp:featuredmedia":[{"embeddable":true,"href":"https:\/\/www.pfmiel.fr\/miel\/wp-json\/wp\/v2\/media\/157"}],"wp:attachment":[{"href":"https:\/\/www.pfmiel.fr\/miel\/wp-json\/wp\/v2\/media?parent=147"}],"wp:term":[{"taxonomy":"product_brand","embeddable":true,"href":"https:\/\/www.pfmiel.fr\/miel\/wp-json\/wp\/v2\/product_brand?post=147"},{"taxonomy":"product_cat","embeddable":true,"href":"https:\/\/www.pfmiel.fr\/miel\/wp-json\/wp\/v2\/product_cat?post=147"},{"taxonomy":"product_tag","embeddable":true,"href":"https:\/\/www.pfmiel.fr\/miel\/wp-json\/wp\/v2\/product_tag?post=147"}],"curies":[{"name":"wp","href":"https:\/\/api.w.org\/{rel}","templated":true}]}}